{"id":2103,"date":"2013-10-09T10:44:51","date_gmt":"2013-10-09T08:44:51","guid":{"rendered":"http:\/\/www.futureconcepts.de\/?page_id=2103"},"modified":"2025-04-05T12:59:17","modified_gmt":"2025-04-05T10:59:17","slug":"ueber-mich","status":"publish","type":"page","link":"https:\/\/www.futureconcepts.de\/en\/ueber-mich\/","title":{"rendered":"About me"},"content":{"rendered":"\n<script type=\"text\/javascript\">\n$(document).ready(function() {\n    \n    $('#flex_slider_9971').flexslider({\n          animation: \"fade\",\n          directionNav : false,\n          controlNav: false,\n          slideshowSpeed: 5000\n    });\n\t\n});\n<\/script>\n<div id=\"flex_slider_9971\" class=\"flexslider inpageslider\"><ul class=\"slides\"><li><img src=\"\/wp-content\/uploads\/2013\/10\/top_imge_ueber-mich_2.jpg\" title=\"\" alt=\"\" \/><\/li><li><img src=\"\/wp-content\/uploads\/2013\/10\/top_imge_ueber-mich_1.jpg\" title=\"\" alt=\"\" \/><\/li><\/ul><\/div>\n<p>&nbsp;<\/p>\n<div class=\"two_third\">\n<h1 data-start=\"53\" data-end=\"114\"><strong data-start=\"53\" data-end=\"114\">Words are my world \u2013 especially when they make an impact.<\/strong><\/h1>\n<p data-start=\"116\" data-end=\"323\">I come from the world of management consulting and have worked for many years as a project and interim manager. This experience has sharpened my ability to spot viable ideas and communicate them effectively.<\/p>\n<p data-start=\"325\" data-end=\"397\">Today, I prefer telling real stories rather than using glossy buzzwords.<\/p>\n<p data-start=\"399\" data-end=\"529\">Because great communication starts where content is understood \u2013 and felt. I bring your topic to the point \u2013 and make it resonate.<\/p>\n<p data-start=\"531\" data-end=\"686\">I work with people and organizations that have something important to say. Those who don\u2019t need the loudest voice, but content that is clear and hits home.<\/p>\n<p data-start=\"688\" data-end=\"707\"><strong data-start=\"688\" data-end=\"707\">My focus today:<\/strong><\/p>\n<ul data-start=\"709\" data-end=\"970\">\n<li data-start=\"709\" data-end=\"748\">Content creation for complex topics<\/li>\n<li data-start=\"749\" data-end=\"831\">Public Relations &amp; Media Strategy for culture, social issues, &amp; sustainability<\/li>\n<li data-start=\"832\" data-end=\"874\">Storytelling for companies with values<\/li>\n<li data-start=\"875\" data-end=\"970\">Specializing in communication around energy transition, quality of life &amp; social innovation<\/li>\n<\/ul>\n<p data-start=\"972\" data-end=\"1068\">I believe in content with substance \u2013 and in communication that\u2019s not just seen, but understood.<\/p>\n<p data-start=\"1070\" data-end=\"1116\">Let\u2019s tell the story that makes you stand out.<\/p>\n<p>\n<\/div>\n<\/p>\n<div class=\"one_third last\">\n<p>Mobile: +49 (0) 171 501 84 38<br \/>\nE-Mail: <a href=\"mailto:info@futureconcepts.de\">info@futureconcepts.de<\/a><\/p>\n<p><div class=\"hr\"><\/div>\n<\/p>\n<\/div>\n<div class=\"clear\"><\/div>\n<\/p>\n<style type=\"text\/css\">\n#foogallery-gallery-4050.fg-simple_portfolio { justify-content: center; --fg-gutter: 20px; }\n#foogallery-gallery-4050.fg-simple_portfolio .fg-item { flex-basis: 150px; }<\/style>\n\t\t\t<div class=\"foogallery foogallery-container foogallery-simple_portfolio foogallery-lightbox-foobox fg-simple_portfolio fg-ready fg-light fg-shadow-small fg-loading-partial fg-loaded-fade-in fg-hover-scale fg-caption-always fg-hover-fade fg-hover-zoom fg-caption-always\" id=\"foogallery-gallery-4050\" data-foogallery=\"{&quot;item&quot;:{&quot;showCaptionTitle&quot;:false,&quot;showCaptionDescription&quot;:false},&quot;lazy&quot;:true}\" >\n\t<div class=\"fg-item fg-type-image fg-idle\"><figure class=\"fg-item-inner\"><a href=\"https:\/\/www.futureconcepts.de\/wp-content\/uploads\/2016\/04\/Soeder.jpg\" data-caption-desc=\"Dr. Markus Soeder\" data-attachment-id=\"16866\" class=\"foogallery-thumb  fg-thumb\" data-type=\"image\"><span class=\"fg-image-wrap\"><img class=\"bf-img skip-lazy fg-image\" height=\"150\" width=\"150\" data-src-fg=\"https:\/\/www.futureconcepts.de\/wp-content\/uploads\/cache\/2016\/04\/Soeder\/4230202560.jpg\" src=\"data:image\/svg+xml,%3Csvg%20xmlns%3D%22http%3A%2F%2Fwww.w3.org%2F2000%2Fsvg%22%20width%3D%22150%22%20height%3D%22150%22%20viewBox%3D%220%200%20150%20150%22%3E%3C%2Fsvg%3E\" loading=\"eager\"><\/span><span class=\"fg-image-overlay\"><\/span><\/a><\/figure><div class=\"fg-loader\"><\/div><\/div><div class=\"fg-item fg-type-image fg-idle\"><figure class=\"fg-item-inner\"><a href=\"https:\/\/www.futureconcepts.de\/wp-content\/uploads\/2013\/10\/Christa_Jaeger-Schroedl.jpg\" data-caption-title=\"Christa Jaeger-Schroedl, PR\" data-attachment-id=\"2543\" class=\"foogallery-thumb  fg-thumb\" data-type=\"image\"><span class=\"fg-image-wrap\"><img title=\"Christa Jaeger-Schroedl, PR\" class=\"bf-img skip-lazy fg-image\" height=\"150\" width=\"150\" data-src-fg=\"https:\/\/www.futureconcepts.de\/wp-content\/uploads\/cache\/2013\/10\/Christa_Jaeger-Schroedl\/1129372578.jpg\" src=\"data:image\/svg+xml,%3Csvg%20xmlns%3D%22http%3A%2F%2Fwww.w3.org%2F2000%2Fsvg%22%20width%3D%22150%22%20height%3D%22150%22%20viewBox%3D%220%200%20150%20150%22%3E%3C%2Fsvg%3E\" loading=\"eager\"><\/span><span class=\"fg-image-overlay\"><\/span><\/a><\/figure><div class=\"fg-loader\"><\/div><\/div><div class=\"fg-item fg-type-image fg-idle\"><figure class=\"fg-item-inner\"><a href=\"https:\/\/www.futureconcepts.de\/wp-content\/uploads\/2016\/05\/P1110196-FC.jpg\" data-caption-title=\"Richard Bartsch, Bezirkstagspr\u00e4sident von Mittelfranken\" data-attachment-id=\"4101\" class=\"foogallery-thumb  fg-thumb\" data-type=\"image\"><span class=\"fg-image-wrap\"><img title=\"Richard Bartsch, Bezirkstagspr\u00e4sident von Mittelfranken\" class=\"bf-img skip-lazy fg-image\" height=\"150\" width=\"150\" data-src-fg=\"https:\/\/www.futureconcepts.de\/wp-content\/uploads\/cache\/2016\/05\/P1110196-FC\/499169689.jpg\" src=\"data:image\/svg+xml,%3Csvg%20xmlns%3D%22http%3A%2F%2Fwww.w3.org%2F2000%2Fsvg%22%20width%3D%22150%22%20height%3D%22150%22%20viewBox%3D%220%200%20150%20150%22%3E%3C%2Fsvg%3E\" loading=\"eager\"><\/span><span class=\"fg-image-overlay\"><\/span><\/a><\/figure><div class=\"fg-loader\"><\/div><\/div><div class=\"fg-item fg-type-image fg-idle\"><figure class=\"fg-item-inner\"><a href=\"https:\/\/www.futureconcepts.de\/wp-content\/uploads\/2016\/04\/Bischoefe.jpg\" data-caption-title=\"Elisabeth Hann von Weyhern, Regionalbisch\u00f6fin von N\u00fcrnberg, Gregor Maria Hanke OSB Bischof, von Eichst\u00e4tt\" data-attachment-id=\"4038\" class=\"foogallery-thumb  fg-thumb\" data-type=\"image\"><span class=\"fg-image-wrap\"><img title=\"Elisabeth Hann von Weyhern, Regionalbisch\u00f6fin von N\u00fcrnberg, Gregor Maria Hanke OSB Bischof, von Eichst\u00e4tt\" class=\"bf-img skip-lazy fg-image\" height=\"150\" width=\"150\" data-src-fg=\"https:\/\/www.futureconcepts.de\/wp-content\/uploads\/cache\/2016\/04\/Bischoefe\/1036866314.jpg\" src=\"data:image\/svg+xml,%3Csvg%20xmlns%3D%22http%3A%2F%2Fwww.w3.org%2F2000%2Fsvg%22%20width%3D%22150%22%20height%3D%22150%22%20viewBox%3D%220%200%20150%20150%22%3E%3C%2Fsvg%3E\" loading=\"eager\"><\/span><span class=\"fg-image-overlay\"><\/span><\/a><\/figure><div class=\"fg-loader\"><\/div><\/div><div class=\"fg-item fg-type-image fg-idle\"><figure class=\"fg-item-inner\"><a href=\"https:\/\/www.futureconcepts.de\/wp-content\/uploads\/2015\/05\/prof-dr-claudia-kemfert.jpg\" data-caption-title=\"Prof. Dr. Claudia Kemfert, Energie\u00f6konomin\" data-attachment-id=\"3389\" class=\"foogallery-thumb  fg-thumb\" data-type=\"image\"><span class=\"fg-image-wrap\"><img alt=\"Prof. Dr. Claudia Kemfert, Energie\u00f6konomin\" title=\"Prof. Dr. Claudia Kemfert, Energie\u00f6konomin\" class=\"bf-img skip-lazy fg-image\" height=\"150\" width=\"150\" data-src-fg=\"https:\/\/www.futureconcepts.de\/wp-content\/uploads\/cache\/2015\/05\/prof-dr-claudia-kemfert\/524652217.jpg\" src=\"data:image\/svg+xml,%3Csvg%20xmlns%3D%22http%3A%2F%2Fwww.w3.org%2F2000%2Fsvg%22%20width%3D%22150%22%20height%3D%22150%22%20viewBox%3D%220%200%20150%20150%22%3E%3C%2Fsvg%3E\" loading=\"eager\"><\/span><span class=\"fg-image-overlay\"><\/span><\/a><\/figure><div class=\"fg-loader\"><\/div><\/div><div class=\"fg-item fg-type-image fg-idle\"><figure class=\"fg-item-inner\"><a href=\"https:\/\/www.futureconcepts.de\/wp-content\/uploads\/2013\/10\/Gaby-Hildenbrandt-Eventmanagement.jpg\" data-caption-title=\"Gaby Hildenbrandt, Eventmanagement\" data-attachment-id=\"2375\" class=\"foogallery-thumb  fg-thumb\" data-type=\"image\"><span class=\"fg-image-wrap\"><img title=\"Gaby Hildenbrandt, Eventmanagement\" class=\"bf-img skip-lazy fg-image\" height=\"150\" width=\"150\" data-src-fg=\"https:\/\/www.futureconcepts.de\/wp-content\/uploads\/cache\/2013\/10\/Gaby-Hildenbrandt-Eventmanagement\/1524040534.jpg\" src=\"data:image\/svg+xml,%3Csvg%20xmlns%3D%22http%3A%2F%2Fwww.w3.org%2F2000%2Fsvg%22%20width%3D%22150%22%20height%3D%22150%22%20viewBox%3D%220%200%20150%20150%22%3E%3C%2Fsvg%3E\" loading=\"eager\"><\/span><span class=\"fg-image-overlay\"><\/span><\/a><\/figure><div class=\"fg-loader\"><\/div><\/div><div class=\"fg-item fg-type-image fg-idle\"><figure class=\"fg-item-inner\"><a href=\"https:\/\/www.futureconcepts.de\/wp-content\/uploads\/2013\/10\/Franz-Alt-Journalist.jpg\" data-caption-title=\"Franz Alt, Journalist\" data-attachment-id=\"2374\" class=\"foogallery-thumb  fg-thumb\" data-type=\"image\"><span class=\"fg-image-wrap\"><img title=\"Franz Alt, Journalist\" class=\"bf-img skip-lazy fg-image\" height=\"150\" width=\"150\" data-src-fg=\"https:\/\/www.futureconcepts.de\/wp-content\/uploads\/cache\/2013\/10\/Franz-Alt-Journalist\/817520137.jpg\" src=\"data:image\/svg+xml,%3Csvg%20xmlns%3D%22http%3A%2F%2Fwww.w3.org%2F2000%2Fsvg%22%20width%3D%22150%22%20height%3D%22150%22%20viewBox%3D%220%200%20150%20150%22%3E%3C%2Fsvg%3E\" loading=\"eager\"><\/span><span class=\"fg-image-overlay\"><\/span><\/a><\/figure><div class=\"fg-loader\"><\/div><\/div><div class=\"fg-item fg-type-image fg-idle\"><figure class=\"fg-item-inner\"><a href=\"https:\/\/www.futureconcepts.de\/wp-content\/uploads\/2013\/10\/Bianca-Purath-Mountainbikerin.jpg\" data-caption-title=\"Bianca Purath, Profi-Mountainbikerin\" data-attachment-id=\"2370\" class=\"foogallery-thumb  fg-thumb\" data-type=\"image\"><span class=\"fg-image-wrap\"><img title=\"Bianca Purath, Profi-Mountainbikerin\" class=\"bf-img skip-lazy fg-image\" height=\"150\" width=\"150\" data-src-fg=\"https:\/\/www.futureconcepts.de\/wp-content\/uploads\/cache\/2013\/10\/Bianca-Purath-Mountainbikerin\/3170030291.jpg\" src=\"data:image\/svg+xml,%3Csvg%20xmlns%3D%22http%3A%2F%2Fwww.w3.org%2F2000%2Fsvg%22%20width%3D%22150%22%20height%3D%22150%22%20viewBox%3D%220%200%20150%20150%22%3E%3C%2Fsvg%3E\" loading=\"eager\"><\/span><span class=\"fg-image-overlay\"><\/span><\/a><\/figure><div class=\"fg-loader\"><\/div><\/div><div class=\"fg-item fg-type-image fg-idle\"><figure class=\"fg-item-inner\"><a href=\"https:\/\/www.futureconcepts.de\/wp-content\/uploads\/2013\/10\/Hae-Jin-Sunim-Leiterin-des-HanMaUm-Tempels-in-Kaarst.jpg\" data-caption-title=\"Hae Jin Sunim, Leiterin HanMaUm-Tempel, Kaarst\" data-attachment-id=\"2378\" class=\"foogallery-thumb  fg-thumb\" data-type=\"image\"><span class=\"fg-image-wrap\"><img title=\"Hae Jin Sunim, Leiterin HanMaUm-Tempel, Kaarst\" class=\"bf-img skip-lazy fg-image\" height=\"150\" width=\"150\" data-src-fg=\"https:\/\/www.futureconcepts.de\/wp-content\/uploads\/cache\/2013\/10\/Hae-Jin-Sunim-Leiterin-des-HanMaUm-Tempels-in-Kaarst\/253756295.jpg\" src=\"data:image\/svg+xml,%3Csvg%20xmlns%3D%22http%3A%2F%2Fwww.w3.org%2F2000%2Fsvg%22%20width%3D%22150%22%20height%3D%22150%22%20viewBox%3D%220%200%20150%20150%22%3E%3C%2Fsvg%3E\" loading=\"eager\"><\/span><span class=\"fg-image-overlay\"><\/span><\/a><\/figure><div class=\"fg-loader\"><\/div><\/div><div class=\"fg-item fg-type-image fg-idle\"><figure class=\"fg-item-inner\"><a href=\"https:\/\/www.futureconcepts.de\/wp-content\/uploads\/2013\/10\/Guenther-Beckstein-Politiker.jpg\" data-caption-title=\"Ulrike Scharf (Bayr. Umweltministerin), Guenther Beckstein, CSU\" data-attachment-id=\"2377\" class=\"foogallery-thumb  fg-thumb\" data-type=\"image\"><span class=\"fg-image-wrap\"><img title=\"Ulrike Scharf (Bayr. Umweltministerin), Guenther Beckstein, CSU\" class=\"bf-img skip-lazy fg-image\" height=\"150\" width=\"150\" data-src-fg=\"https:\/\/www.futureconcepts.de\/wp-content\/uploads\/cache\/2013\/10\/Guenther-Beckstein-Politiker\/1350991703.jpg\" src=\"data:image\/svg+xml,%3Csvg%20xmlns%3D%22http%3A%2F%2Fwww.w3.org%2F2000%2Fsvg%22%20width%3D%22150%22%20height%3D%22150%22%20viewBox%3D%220%200%20150%20150%22%3E%3C%2Fsvg%3E\" loading=\"eager\"><\/span><span class=\"fg-image-overlay\"><\/span><\/a><\/figure><div class=\"fg-loader\"><\/div><\/div><div class=\"fg-item fg-type-image fg-idle\"><figure class=\"fg-item-inner\"><a href=\"https:\/\/www.futureconcepts.de\/wp-content\/uploads\/2013\/10\/Martin-Bayerstorfer-Landrat-Erding.jpg\" data-caption-title=\"Martin Bayersdorfer, CSU Landrat ED\" data-attachment-id=\"2380\" class=\"foogallery-thumb  fg-thumb\" data-type=\"image\"><span class=\"fg-image-wrap\"><img title=\"Martin Bayersdorfer, CSU Landrat ED\" class=\"bf-img skip-lazy fg-image\" height=\"150\" width=\"150\" data-src-fg=\"https:\/\/www.futureconcepts.de\/wp-content\/uploads\/cache\/2013\/10\/Martin-Bayerstorfer-Landrat-Erding\/3239076130.jpg\" src=\"data:image\/svg+xml,%3Csvg%20xmlns%3D%22http%3A%2F%2Fwww.w3.org%2F2000%2Fsvg%22%20width%3D%22150%22%20height%3D%22150%22%20viewBox%3D%220%200%20150%20150%22%3E%3C%2Fsvg%3E\" loading=\"eager\"><\/span><span class=\"fg-image-overlay\"><\/span><\/a><\/figure><div class=\"fg-loader\"><\/div><\/div><div class=\"fg-item fg-type-image fg-idle\"><figure class=\"fg-item-inner\"><a href=\"https:\/\/www.futureconcepts.de\/wp-content\/uploads\/2013\/10\/Diana-Stachowitz-SPD-Stadtraetin-Muenchen-und-Michael-Sporer-TV-Moderator.jpg\" data-caption-title=\"Diana Stachowitz, SPD M\u00fcnchen\" data-attachment-id=\"2372\" class=\"foogallery-thumb  fg-thumb\" data-type=\"image\"><span class=\"fg-image-wrap\"><img title=\"Diana Stachowitz, SPD M\u00fcnchen\" class=\"bf-img skip-lazy fg-image\" height=\"150\" width=\"150\" data-src-fg=\"https:\/\/www.futureconcepts.de\/wp-content\/uploads\/cache\/2013\/10\/Diana-Stachowitz-SPD-Stadtraetin-Muenchen-und-Michael-Sporer-TV-Moderator\/38410345.jpg\" src=\"data:image\/svg+xml,%3Csvg%20xmlns%3D%22http%3A%2F%2Fwww.w3.org%2F2000%2Fsvg%22%20width%3D%22150%22%20height%3D%22150%22%20viewBox%3D%220%200%20150%20150%22%3E%3C%2Fsvg%3E\" loading=\"eager\"><\/span><span class=\"fg-image-overlay\"><\/span><\/a><\/figure><div class=\"fg-loader\"><\/div><\/div><div class=\"fg-item fg-type-image fg-idle\"><figure class=\"fg-item-inner\"><a href=\"https:\/\/www.futureconcepts.de\/wp-content\/uploads\/2013\/10\/Michael-Sporer-TV-Moderator-Bayerisches_Fernsehen-.jpg\" data-caption-title=\"Michael Sporer, BR-TV-Moderator\" data-attachment-id=\"2539\" class=\"foogallery-thumb  fg-thumb\" data-type=\"image\"><span class=\"fg-image-wrap\"><img title=\"Michael Sporer, BR-TV-Moderator\" class=\"bf-img skip-lazy fg-image\" height=\"150\" width=\"150\" data-src-fg=\"https:\/\/www.futureconcepts.de\/wp-content\/uploads\/cache\/2013\/10\/Michael-Sporer-TV-Moderator-Bayerisches_Fernsehen-\/2731256163.jpg\" src=\"data:image\/svg+xml,%3Csvg%20xmlns%3D%22http%3A%2F%2Fwww.w3.org%2F2000%2Fsvg%22%20width%3D%22150%22%20height%3D%22150%22%20viewBox%3D%220%200%20150%20150%22%3E%3C%2Fsvg%3E\" loading=\"eager\"><\/span><span class=\"fg-image-overlay\"><\/span><\/a><\/figure><div class=\"fg-loader\"><\/div><\/div><div class=\"fg-item fg-type-image fg-idle\"><figure class=\"fg-item-inner\"><a href=\"https:\/\/www.futureconcepts.de\/wp-content\/uploads\/2013\/10\/Alexander-Onken-TV-Muenchen-Moderator_1.jpg\" data-caption-title=\"Alexander Onken, TV-Muenchen-Moderator\" data-attachment-id=\"2365\" class=\"foogallery-thumb  fg-thumb\" data-type=\"image\"><span class=\"fg-image-wrap\"><img title=\"Alexander Onken, TV-Muenchen-Moderator\" class=\"bf-img skip-lazy fg-image\" height=\"150\" width=\"150\" data-src-fg=\"https:\/\/www.futureconcepts.de\/wp-content\/uploads\/cache\/2013\/10\/Alexander-Onken-TV-Muenchen-Moderator_1\/954228420.jpg\" src=\"data:image\/svg+xml,%3Csvg%20xmlns%3D%22http%3A%2F%2Fwww.w3.org%2F2000%2Fsvg%22%20width%3D%22150%22%20height%3D%22150%22%20viewBox%3D%220%200%20150%20150%22%3E%3C%2Fsvg%3E\" loading=\"eager\"><\/span><span class=\"fg-image-overlay\"><\/span><\/a><\/figure><div class=\"fg-loader\"><\/div><\/div><div class=\"fg-item fg-type-image fg-idle\"><figure class=\"fg-item-inner\"><a href=\"https:\/\/www.futureconcepts.de\/wp-content\/uploads\/2013\/10\/Luitpold-Rupprecht-Heinrich-Prinz-von-Bayern.jpg\" data-caption-title=\"Luitpold Rupprecht Heinrich Prinz v. Bayern\" data-attachment-id=\"2379\" class=\"foogallery-thumb  fg-thumb\" data-type=\"image\"><span class=\"fg-image-wrap\"><img title=\"Luitpold Rupprecht Heinrich Prinz v. Bayern\" class=\"bf-img skip-lazy fg-image\" height=\"150\" width=\"150\" data-src-fg=\"https:\/\/www.futureconcepts.de\/wp-content\/uploads\/cache\/2013\/10\/Luitpold-Rupprecht-Heinrich-Prinz-von-Bayern\/33966339.jpg\" src=\"data:image\/svg+xml,%3Csvg%20xmlns%3D%22http%3A%2F%2Fwww.w3.org%2F2000%2Fsvg%22%20width%3D%22150%22%20height%3D%22150%22%20viewBox%3D%220%200%20150%20150%22%3E%3C%2Fsvg%3E\" loading=\"eager\"><\/span><span class=\"fg-image-overlay\"><\/span><\/a><\/figure><div class=\"fg-loader\"><\/div><\/div><div class=\"fg-item fg-type-image fg-idle\"><figure class=\"fg-item-inner\"><a href=\"https:\/\/www.futureconcepts.de\/wp-content\/uploads\/2013\/10\/Bernd-Herzsprung-Schauspieler_2.jpg\" data-caption-title=\"Bernd Herzsprung, Schauspieler\" data-attachment-id=\"2368\" class=\"foogallery-thumb  fg-thumb\" data-type=\"image\"><span class=\"fg-image-wrap\"><img title=\"Bernd Herzsprung, Schauspieler\" class=\"bf-img skip-lazy fg-image\" height=\"150\" width=\"150\" data-src-fg=\"https:\/\/www.futureconcepts.de\/wp-content\/uploads\/cache\/2013\/10\/Bernd-Herzsprung-Schauspieler_2\/4114030298.jpg\" src=\"data:image\/svg+xml,%3Csvg%20xmlns%3D%22http%3A%2F%2Fwww.w3.org%2F2000%2Fsvg%22%20width%3D%22150%22%20height%3D%22150%22%20viewBox%3D%220%200%20150%20150%22%3E%3C%2Fsvg%3E\" loading=\"eager\"><\/span><span class=\"fg-image-overlay\"><\/span><\/a><\/figure><div class=\"fg-loader\"><\/div><\/div><div class=\"fg-item fg-type-image fg-idle\"><figure class=\"fg-item-inner\"><a href=\"https:\/\/www.futureconcepts.de\/wp-content\/uploads\/2013\/10\/Nicola-Tiggeler-Schauspielerin_2.jpg\" data-caption-title=\"Nicola Tiggeler, Schauspielerin\" data-attachment-id=\"2383\" class=\"foogallery-thumb  fg-thumb\" data-type=\"image\"><span class=\"fg-image-wrap\"><img title=\"Nicola Tiggeler, Schauspielerin\" class=\"bf-img skip-lazy fg-image\" height=\"150\" width=\"150\" data-src-fg=\"https:\/\/www.futureconcepts.de\/wp-content\/uploads\/cache\/2013\/10\/Nicola-Tiggeler-Schauspielerin_2\/1414615898.jpg\" src=\"data:image\/svg+xml,%3Csvg%20xmlns%3D%22http%3A%2F%2Fwww.w3.org%2F2000%2Fsvg%22%20width%3D%22150%22%20height%3D%22150%22%20viewBox%3D%220%200%20150%20150%22%3E%3C%2Fsvg%3E\" loading=\"eager\"><\/span><span class=\"fg-image-overlay\"><\/span><\/a><\/figure><div class=\"fg-loader\"><\/div><\/div><div class=\"fg-item fg-type-image fg-idle\"><figure class=\"fg-item-inner\"><a href=\"https:\/\/www.futureconcepts.de\/wp-content\/uploads\/2013\/10\/Christian-Arnold-Schauspieler.jpg\" data-caption-title=\"Christian Arnold, Schauspieler\" data-attachment-id=\"2371\" class=\"foogallery-thumb  fg-thumb\" data-type=\"image\"><span class=\"fg-image-wrap\"><img title=\"Christian Arnold, Schauspieler\" class=\"bf-img skip-lazy fg-image\" height=\"150\" width=\"150\" data-src-fg=\"https:\/\/www.futureconcepts.de\/wp-content\/uploads\/cache\/2013\/10\/Christian-Arnold-Schauspieler\/1995005491.jpg\" src=\"data:image\/svg+xml,%3Csvg%20xmlns%3D%22http%3A%2F%2Fwww.w3.org%2F2000%2Fsvg%22%20width%3D%22150%22%20height%3D%22150%22%20viewBox%3D%220%200%20150%20150%22%3E%3C%2Fsvg%3E\" loading=\"eager\"><\/span><span class=\"fg-image-overlay\"><\/span><\/a><\/figure><div class=\"fg-loader\"><\/div><\/div><div class=\"fg-item fg-type-image fg-idle\"><figure class=\"fg-item-inner\"><a href=\"https:\/\/www.futureconcepts.de\/wp-content\/uploads\/2013\/10\/Bernhard-Hirtreiter-Tenor.jpg\" data-caption-title=\"Bernhard Hirtreiter, Tenor\" data-attachment-id=\"2369\" class=\"foogallery-thumb  fg-thumb\" data-type=\"image\"><span class=\"fg-image-wrap\"><img title=\"Bernhard Hirtreiter, Tenor\" class=\"bf-img skip-lazy fg-image\" height=\"150\" width=\"150\" data-src-fg=\"https:\/\/www.futureconcepts.de\/wp-content\/uploads\/cache\/2013\/10\/Bernhard-Hirtreiter-Tenor\/2603568756.jpg\" src=\"data:image\/svg+xml,%3Csvg%20xmlns%3D%22http%3A%2F%2Fwww.w3.org%2F2000%2Fsvg%22%20width%3D%22150%22%20height%3D%22150%22%20viewBox%3D%220%200%20150%20150%22%3E%3C%2Fsvg%3E\" loading=\"eager\"><\/span><span class=\"fg-image-overlay\"><\/span><\/a><\/figure><div class=\"fg-loader\"><\/div><\/div><div class=\"fg-item fg-type-image fg-idle\"><figure class=\"fg-item-inner\"><a href=\"https:\/\/www.futureconcepts.de\/wp-content\/uploads\/2013\/10\/Gerhard-Polt-Kabarettist.jpg\" data-caption-title=\"Gerhard Polt, Kabarettist\" data-attachment-id=\"2376\" class=\"foogallery-thumb  fg-thumb\" data-type=\"image\"><span class=\"fg-image-wrap\"><img title=\"Gerhard Polt, Kabarettist\" class=\"bf-img skip-lazy fg-image\" height=\"150\" width=\"150\" data-src-fg=\"https:\/\/www.futureconcepts.de\/wp-content\/uploads\/cache\/2013\/10\/Gerhard-Polt-Kabarettist\/638379361.jpg\" src=\"data:image\/svg+xml,%3Csvg%20xmlns%3D%22http%3A%2F%2Fwww.w3.org%2F2000%2Fsvg%22%20width%3D%22150%22%20height%3D%22150%22%20viewBox%3D%220%200%20150%20150%22%3E%3C%2Fsvg%3E\" loading=\"eager\"><\/span><span class=\"fg-image-overlay\"><\/span><\/a><\/figure><div class=\"fg-loader\"><\/div><\/div><\/div><style type=\"text\/css\">.foogallery .fg-caption .fg-caption-title {\r\n\twhite-space: normal; font-size:12px !important;\r\n}<\/style>\n<p>* Click for zooming the images.<\/p>\n<p>&nbsp;<\/p>\n","protected":false},"excerpt":{"rendered":"<p>&nbsp; Words are my world \u2013 especially when they make an impact. I come from the world of management consulting and have worked for many years as a project and.. <a href=\"https:\/\/www.futureconcepts.de\/en\/ueber-mich\/\" class=\"readmore\">mehr&#8230;<\/a><\/p>\n","protected":false},"author":8,"featured_media":0,"parent":0,"menu_order":0,"comment_status":"closed","ping_status":"closed","template":"page-fullwidth.php","meta":{"_exactmetrics_skip_tracking":false,"_exactmetrics_sitenote_active":false,"_exactmetrics_sitenote_note":"","_exactmetrics_sitenote_category":0},"translation":{"provider":"WPGlobus","version":"3.0.0","language":"en","enabled_languages":["de","en"],"languages":{"de":{"title":true,"content":true,"excerpt":false},"en":{"title":true,"content":true,"excerpt":false}}},"acf":[],"_links":{"self":[{"href":"https:\/\/www.futureconcepts.de\/en\/wp-json\/wp\/v2\/pages\/2103"}],"collection":[{"href":"https:\/\/www.futureconcepts.de\/en\/wp-json\/wp\/v2\/pages"}],"about":[{"href":"https:\/\/www.futureconcepts.de\/en\/wp-json\/wp\/v2\/types\/page"}],"author":[{"embeddable":true,"href":"https:\/\/www.futureconcepts.de\/en\/wp-json\/wp\/v2\/users\/8"}],"replies":[{"embeddable":true,"href":"https:\/\/www.futureconcepts.de\/en\/wp-json\/wp\/v2\/comments?post=2103"}],"version-history":[{"count":20,"href":"https:\/\/www.futureconcepts.de\/en\/wp-json\/wp\/v2\/pages\/2103\/revisions"}],"predecessor-version":[{"id":16926,"href":"https:\/\/www.futureconcepts.de\/en\/wp-json\/wp\/v2\/pages\/2103\/revisions\/16926"}],"wp:attachment":[{"href":"https:\/\/www.futureconcepts.de\/en\/wp-json\/wp\/v2\/media?parent=2103"}],"curies":[{"name":"wp","href":"https:\/\/api.w.org\/{rel}","templated":true}]}}